{"id":5760,"date":"2023-06-19T23:45:15","date_gmt":"2023-06-19T23:45:15","guid":{"rendered":"https:\/\/apacame.org.br\/site\/?page_id=5760"},"modified":"2023-06-19T23:45:15","modified_gmt":"2023-06-19T23:45:15","slug":"atividade-6","status":"publish","type":"page","link":"https:\/\/apacame.org.br\/site\/revista\/mensagem-doce-n-171-maio-de-2023\/atividade-6\/","title":{"rendered":"Atividade"},"content":{"rendered":"<h1 style=\"text-align: center;\">REUNI\u00c3O DA C\u00c2MARA SETORIAL EM AVAR\u00c9 \u2013 SP.<\/h1>\n<blockquote><p>Por: Eloi Viana da Silva e Sebasti\u00e3o Doniseti Alexandre.<\/p><\/blockquote>\n<p><span style=\"font-size: large;\">Nos dias 17 e 18 de mar\u00e7o de 2023, a APACAME, esteve representada por seus diretores: Eloi Viana da Silva, \u00c1lvaro Chaves de Oliveira, Sebasti\u00e3o Doniseti Alexandre e Idalina dos Santos Louren\u00e7o, entre outros associados que estiveram presentes na 2\u00aa Feira de Apicultores e Meliponicultores do Estado de SP no munic\u00edpio de Avar\u00e9, na Fazenda Experimental Eduvale, pertencente ao complexo da Faculdade EDUVALE de Avar\u00e9, situada na rodovia Jo\u00e3o Mel\u00e3o Km 267 na Zona rural do Munic\u00edpio, \u00e9 a 2\u00aa feira consecutiva com muito sucesso, tendo como expositores: apicultores, miliponicultores e associa\u00e7\u00f5es, onde chamou muito a aten\u00e7\u00e3o com a quantidade de jovens que l\u00e1 estavam para visita ao evento.<\/span><\/p>\n<p><span style=\"font-size: large;\">Na reuni\u00e3o da C\u00e2mara Setorial de Produtos Ap\u00edculas do Estado de S\u00e3o Paulo, ocorrida no dia 17 de mar\u00e7o, estiveram presentes 06 entidades representativas, como tamb\u00e9m representantes individuais (apicultores e meliponicultores). <\/span><\/p>\n<p><span style=\"font-size: large;\">A FAAMESP, Federe\u00e7\u00e3o das Associa\u00e7\u00f5es de Apicultores e Meliponicultores do Estado de S\u00e3o Paulo. em mais um evento muito importante para o seguimento se fez ausente.<\/span><\/p>\n<p><span style=\"font-size: large;\">Como tamb\u00e9m para um estado como S\u00e3o Paulo onde temos a ci\u00eancia do potencial da flora que \u00e9 exuberante e que a quantidade dos profissionais no seguimento ap\u00edcola \u00e9 bem expressiva. Esta aus\u00eancia de entidades e apicultores acaba impactando de forma reversa para os ajustes necess\u00e1rios, e o desenvolvimento da apicultura PAULISTA, visando \u00e0 melhora de condi\u00e7\u00f5es para nossos apicultores buscando sempre facilitar e desburocratizar procedimentos para o aumento da produtividade com racionalidade operacional.<\/span><\/p>\n<p><span style=\"font-size: large;\"><b>Foram discutidos os pontos a seguir:<\/b><\/span><\/p>\n<p><span style=\"font-size: large;\">1 &#8211; Levantamento do perfil do apicultor e meliponicultor de Estado de S\u00e3o Paulo;<\/span><\/p>\n<p><span style=\"font-size: large;\">2- Perda de abelhas por agrot\u00f3xicos;<\/span><\/p>\n<p><span style=\"font-size: large;\">3 &#8211; Cria\u00e7\u00e3o do Programa Paulista de Inclus\u00e3o de Mel e demais produtos na merenda escolar;<\/span><\/p>\n<p><span style=\"font-size: large;\">4 &#8211; Inclus\u00e3o de mel na cesta b\u00e1sica paulista, com a isen\u00e7\u00e3o do ICMS para os produtos das abelhas;<\/span><\/p>\n<p><span style=\"font-size: large;\">5 &#8211; Incentivar parcerias para novos mercados;<\/span><\/p>\n<p><span style=\"font-size: large;\">6 &#8211; Apoio do Estado, organizar campanha estadual de aumento do consumo interno do mel e combate \u00e0 fraude no Estado;<\/span><\/p>\n<p><span style=\"font-size: large;\">7- Forma\u00e7\u00e3o profissional;<\/span><\/p>\n<p><span style=\"font-size: large;\">O resultado desse discurs\u00e3o ser\u00e1 publicado em ata nessa revista.<\/span><\/p>\n<p><span style=\"font-size: large;\">Com rela\u00e7\u00e3o ao setor dos expositores o evento foi marcado pela diversidade de mel no setor de meliponicultura mais de 40 tipos de mel que estavam \u00e0 disposi\u00e7\u00e3o para degusta\u00e7\u00e3o e aquisi\u00e7\u00e3o. Com tamb\u00e9m suvenires com a tem\u00e1tica ou composi\u00e7\u00e3o com os produtos ap\u00edcola e meliponicultura. <\/span><\/p>\n<p><span style=\"font-size: large;\">A APACAME participou no setor de exposi\u00e7\u00e3o fornecendo gratuitamente suas revistas \u201cMENSAGEM DOCE\u201d para todo o p\u00fablico presente, como tamb\u00e9m apresentou 3 maquetes educativas de abelha AP\u00cdS e velas confeccionadas com cera de abelha AP\u00cdS.<\/span><\/p>\n<p><span style=\"font-size: large;\">Entendemos as dificuldades para locomo\u00e7\u00e3o e agendamento, que impedem as entidades representativas e o pr\u00f3prio apicultor e meliponicultor, mas esperamos que no pr\u00f3ximo evento que est\u00e1 programado para mar\u00e7o de 2024, possamos contar com a presen\u00e7a de uma grande parcela de apicultores e entidades representativas do Estado de S\u00e3o Paulo. Assim poderemos expressar e colaborar junto aos \u00f3rg\u00e3os reguladores competentes, opinando sobre nossas necessidades para uma melhoria em conjunto.<\/span><\/p>\n<p><span style=\"font-size: large;\">Prestamos aqui nosso agradecimento \u00e0 bi\u00f3loga professora Dra. Ligia Carolina Q. Corazza, que \u00e9 coordenadora do curso de ci\u00eancias biol\u00f3gicas e foi \u00e0 respons\u00e1vel pela coordena\u00e7\u00e3o do evento.<\/span><\/p>\n<p>&nbsp;<\/p>\n<div id='gallery-1' class='gallery galleryid-5760 gallery-columns-1 gallery-size-large'><figure class='gallery-item'>\n\t\t\t<div class='gallery-icon landscape'>\n\t\t\t\t<a href='https:\/\/apacame.org.br\/site\/revista\/mensagem-doce-n-171-maio-de-2023\/atividade-6\/foto-1-camara-setorial-avare\/'><img fetchpriority=\"high\" decoding=\"async\" width=\"772\" height=\"331\" src=\"https:\/\/apacame.org.br\/site\/wp-content\/uploads\/2023\/06\/Foto-1-camara-setorial-Avare.jpg\" class=\"attachment-large size-large\" alt=\"\" aria-describedby=\"gallery-1-5761\" srcset=\"https:\/\/apacame.org.br\/site\/wp-content\/uploads\/2023\/06\/Foto-1-camara-setorial-Avare.jpg 772w, https:\/\/apacame.org.br\/site\/wp-content\/uploads\/2023\/06\/Foto-1-camara-setorial-Avare-300x129.jpg 300w, https:\/\/apacame.org.br\/site\/wp-content\/uploads\/2023\/06\/Foto-1-camara-setorial-Avare-150x64.jpg 150w, https:\/\/apacame.org.br\/site\/wp-content\/uploads\/2023\/06\/Foto-1-camara-setorial-Avare-500x214.jpg 500w\" sizes=\"(max-width: 772px) 100vw, 772px\" \/><\/a>\n\t\t\t<\/div>\n\t\t\t\t<figcaption class='wp-caption-text gallery-caption' id='gallery-1-5761'>\n\t\t\t\tFoto 1: Vista geral, reuni\u00e3o da C\u00e2mara Setorial.\n\t\t\t\t<\/figcaption><\/figure><figure class='gallery-item'>\n\t\t\t<div class='gallery-icon landscape'>\n\t\t\t\t<a href='https:\/\/apacame.org.br\/site\/revista\/mensagem-doce-n-171-maio-de-2023\/atividade-6\/foto-2-camara-setorial-avare\/'><img decoding=\"async\" width=\"770\" height=\"332\" src=\"https:\/\/apacame.org.br\/site\/wp-content\/uploads\/2023\/06\/Foto-2-camara-setorial-Avare.jpg\" class=\"attachment-large size-large\" alt=\"\" aria-describedby=\"gallery-1-5763\" srcset=\"https:\/\/apacame.org.br\/site\/wp-content\/uploads\/2023\/06\/Foto-2-camara-setorial-Avare.jpg 770w, https:\/\/apacame.org.br\/site\/wp-content\/uploads\/2023\/06\/Foto-2-camara-setorial-Avare-300x129.jpg 300w, https:\/\/apacame.org.br\/site\/wp-content\/uploads\/2023\/06\/Foto-2-camara-setorial-Avare-150x65.jpg 150w, https:\/\/apacame.org.br\/site\/wp-content\/uploads\/2023\/06\/Foto-2-camara-setorial-Avare-500x216.jpg 500w\" sizes=\"(max-width: 770px) 100vw, 770px\" \/><\/a>\n\t\t\t<\/div>\n\t\t\t\t<figcaption class='wp-caption-text gallery-caption' id='gallery-1-5763'>\n\t\t\t\tFoto 2: diretoria da APACAME e a Prof. L\u00edgia Carolina, coordenadora do evento.\n\t\t\t\t<\/figcaption><\/figure><figure class='gallery-item'>\n\t\t\t<div class='gallery-icon landscape'>\n\t\t\t\t<a href='https:\/\/apacame.org.br\/site\/revista\/mensagem-doce-n-171-maio-de-2023\/atividade-6\/foto-3-camara-setorial-avare\/'><img decoding=\"async\" width=\"772\" height=\"513\" src=\"https:\/\/apacame.org.br\/site\/wp-content\/uploads\/2023\/06\/Foto-3-camara-setorial-Avare.jpg\" class=\"attachment-large size-large\" alt=\"\" aria-describedby=\"gallery-1-5762\" srcset=\"https:\/\/apacame.org.br\/site\/wp-content\/uploads\/2023\/06\/Foto-3-camara-setorial-Avare.jpg 772w, https:\/\/apacame.org.br\/site\/wp-content\/uploads\/2023\/06\/Foto-3-camara-setorial-Avare-300x199.jpg 300w, https:\/\/apacame.org.br\/site\/wp-content\/uploads\/2023\/06\/Foto-3-camara-setorial-Avare-150x100.jpg 150w, https:\/\/apacame.org.br\/site\/wp-content\/uploads\/2023\/06\/Foto-3-camara-setorial-Avare-500x332.jpg 500w\" sizes=\"(max-width: 772px) 100vw, 772px\" \/><\/a>\n\t\t\t<\/div>\n\t\t\t\t<figcaption class='wp-caption-text gallery-caption' id='gallery-1-5762'>\n\t\t\t\tFoto 3: Prof. L\u00eddia Barreto, Prof, Vanilda, presidenta da C\u00e2mara e Prof. Eurico da EDUVALE.\n\t\t\t\t<\/figcaption><\/figure>\n\t\t<\/div>\n\n","protected":false},"excerpt":{"rendered":"<p>REUNI\u00c3O DA C\u00c2MARA SETORIAL EM AVAR\u00c9 \u2013 SP. Por: Eloi Viana da Silva e Sebasti\u00e3o Doniseti Alexandre. Nos dias 17 e 18 de mar\u00e7o de 2023, a APACAME, esteve representada [&hellip;]<\/p>\n","protected":false},"author":20,"featured_media":0,"parent":5694,"menu_order":0,"comment_status":"open","ping_status":"open","template":"","meta":{"pmpro_default_level":"","_price":"","_stock":"","_tribe_ticket_header":"","_tribe_default_ticket_provider":"","_tribe_ticket_capacity":"0","_ticket_start_date":"","_ticket_end_date":"","_tribe_ticket_show_description":"","_tribe_ticket_show_not_going":false,"_tribe_ticket_use_global_stock":"","_tribe_ticket_global_stock_level":"","_global_stock_mode":"","_global_stock_cap":"","_tribe_rsvp_for_event":"","_tribe_ticket_going_count":"","_tribe_ticket_not_going_count":"","_tribe_tickets_list":"[]","_tribe_ticket_has_attendee_info_fields":false,"cybocfi_hide_featured_image":"","footnotes":""},"class_list":["post-5760","page","type-page","status-publish","hentry","pmpro-has-access"],"_links":{"self":[{"href":"https:\/\/apacame.org.br\/site\/wp-json\/wp\/v2\/pages\/5760"}],"collection":[{"href":"https:\/\/apacame.org.br\/site\/wp-json\/wp\/v2\/pages"}],"about":[{"href":"https:\/\/apacame.org.br\/site\/wp-json\/wp\/v2\/types\/page"}],"author":[{"embeddable":true,"href":"https:\/\/apacame.org.br\/site\/wp-json\/wp\/v2\/users\/20"}],"replies":[{"embeddable":true,"href":"https:\/\/apacame.org.br\/site\/wp-json\/wp\/v2\/comments?post=5760"}],"version-history":[{"count":2,"href":"https:\/\/apacame.org.br\/site\/wp-json\/wp\/v2\/pages\/5760\/revisions"}],"predecessor-version":[{"id":5765,"href":"https:\/\/apacame.org.br\/site\/wp-json\/wp\/v2\/pages\/5760\/revisions\/5765"}],"up":[{"embeddable":true,"href":"https:\/\/apacame.org.br\/site\/wp-json\/wp\/v2\/pages\/5694"}],"wp:attachment":[{"href":"https:\/\/apacame.org.br\/site\/wp-json\/wp\/v2\/media?parent=5760"}],"curies":[{"name":"wp","href":"https:\/\/api.w.org\/{rel}","templated":true}]}}