{"id":3151,"date":"2019-10-10T20:10:40","date_gmt":"2019-10-10T20:10:40","guid":{"rendered":"http:\/\/apacame.org.br\/site\/?page_id=3151"},"modified":"2019-10-10T20:10:40","modified_gmt":"2019-10-10T20:10:40","slug":"editorial","status":"publish","type":"page","link":"https:\/\/apacame.org.br\/site\/revista\/mensagem-doce-n-153-setembro-de-2019\/editorial\/","title":{"rendered":"Editorial"},"content":{"rendered":"<h1 style=\"text-align: center;\">Onde vamos parar!<\/h1>\n<p><span style=\"font-size: large;\">Infelizmente, \u00e9 com muita frequ\u00eancia que recebemos informa\u00e7\u00f5es de mortandade de abelhas, motivadas pela aplica\u00e7\u00e3o de agrot\u00f3xico por pulveriza\u00e7\u00e3o via a\u00e9rea em planta\u00e7\u00f5es, isso tem acontecido praticamente em todos os Estados da Federa\u00e7\u00e3o.<\/span><\/p>\n<p><span style=\"font-size: large;\">Essa mortandade infelizmente n\u00e3o \u00e9 s\u00f3 de abelhas, mas de uma s\u00e9rie de outros insetos, p\u00e1ssaros e pequenos animais, que s\u00e3o \u00fateis para a manuten\u00e7\u00e3o do meio ambiente. Praticamente 75% de todos os vegetais que consumimos s\u00e3o polinizados pelas abelhas. E sem elas n\u00e3o teremos esses alimentos.<\/span><\/p>\n<p><span style=\"font-size: large;\">Desta feita a coisa foi grande perto de 5000 (cinco mil) colmeias morreram no Estado do Rio Grande do Sul, por uso da aplica\u00e7\u00e3o de agrot\u00f3xicos por via a\u00e9rea.<\/span><\/p>\n<p><span style=\"font-size: large;\">Quem vai pagar esse preju\u00edzo? Ser\u00e1 que \u00e9 o apicultor o culpado? Quando os respons\u00e1veis pela agricultura v\u00e3o se preocupar um pouco com o meio ambiente? A manuten\u00e7\u00e3o de insetos, animais e vegetais ser\u00e3o motivo de preocupa\u00e7\u00e3o para a manuten\u00e7\u00e3o do meio ambiente? Os agricultores est\u00e3o pensando muito no presente e esquecendo que o futuro \u00e9 t\u00e3o ou mais importante do que o presente.<\/span><\/p>\n<p><span style=\"font-size: large;\">Est\u00e1 na hora do Minist\u00e9rio da Agricultura tomar uma decis\u00e3o com rela\u00e7\u00e3o a esses acidentes que tem acontecido com muita frequ\u00eancia, lamentavelmente.<\/span><\/p>\n<p><span style=\"font-size: large;\"><i><b>Radam\u00e9s Zovaro \u2013 Diretor T\u00e9cnico<\/b><\/i><\/span><\/p>\n","protected":false},"excerpt":{"rendered":"<p>Onde vamos parar! Infelizmente, \u00e9 com muita frequ\u00eancia que recebemos informa\u00e7\u00f5es de mortandade de abelhas, motivadas pela aplica\u00e7\u00e3o de agrot\u00f3xico por pulveriza\u00e7\u00e3o via a\u00e9rea em planta\u00e7\u00f5es, isso tem acontecido praticamente [&hellip;]<\/p>\n","protected":false},"author":20,"featured_media":0,"parent":3143,"menu_order":0,"comment_status":"open","ping_status":"open","template":"","meta":{"pmpro_default_level":"","_price":"","_stock":"","_tribe_ticket_header":"","_tribe_default_ticket_provider":"","_tribe_ticket_capacity":"0","_ticket_start_date":"","_ticket_end_date":"","_tribe_ticket_show_description":"","_tribe_ticket_show_not_going":false,"_tribe_ticket_use_global_stock":"","_tribe_ticket_global_stock_level":"","_global_stock_mode":"","_global_stock_cap":"","_tribe_rsvp_for_event":"","_tribe_ticket_going_count":"","_tribe_ticket_not_going_count":"","_tribe_tickets_list":"[]","_tribe_ticket_has_attendee_info_fields":false,"cybocfi_hide_featured_image":"","footnotes":""},"class_list":["post-3151","page","type-page","status-publish","hentry","pmpro-has-access"],"_links":{"self":[{"href":"https:\/\/apacame.org.br\/site\/wp-json\/wp\/v2\/pages\/3151"}],"collection":[{"href":"https:\/\/apacame.org.br\/site\/wp-json\/wp\/v2\/pages"}],"about":[{"href":"https:\/\/apacame.org.br\/site\/wp-json\/wp\/v2\/types\/page"}],"author":[{"embeddable":true,"href":"https:\/\/apacame.org.br\/site\/wp-json\/wp\/v2\/users\/20"}],"replies":[{"embeddable":true,"href":"https:\/\/apacame.org.br\/site\/wp-json\/wp\/v2\/comments?post=3151"}],"version-history":[{"count":1,"href":"https:\/\/apacame.org.br\/site\/wp-json\/wp\/v2\/pages\/3151\/revisions"}],"predecessor-version":[{"id":3152,"href":"https:\/\/apacame.org.br\/site\/wp-json\/wp\/v2\/pages\/3151\/revisions\/3152"}],"up":[{"embeddable":true,"href":"https:\/\/apacame.org.br\/site\/wp-json\/wp\/v2\/pages\/3143"}],"wp:attachment":[{"href":"https:\/\/apacame.org.br\/site\/wp-json\/wp\/v2\/media?parent=3151"}],"curies":[{"name":"wp","href":"https:\/\/api.w.org\/{rel}","templated":true}]}}