{"id":2788,"date":"2018-12-12T17:52:30","date_gmt":"2018-12-12T17:52:30","guid":{"rendered":"http:\/\/apacame.org.br\/site\/?page_id=2788"},"modified":"2018-12-12T18:00:11","modified_gmt":"2018-12-12T18:00:11","slug":"homenagem","status":"publish","type":"page","link":"https:\/\/apacame.org.br\/site\/revista\/mensagem-doce-n-149-novembro-de-2018\/homenagem\/","title":{"rendered":"Homenagem"},"content":{"rendered":"<h1 style=\"text-align: center;\">O LEGADO DE UM HOMEM DE BEM<\/h1>\n<blockquote><p>Mario Isao Otsuka &#8211; Diretor APACAME.<\/p><\/blockquote>\n<p><cite><strong>\u201cA vida na terra \u00e9 uma passagem&#8230;<br \/>\nA mais bela flor do mundo perde sua beleza&#8230;<br \/>\numa amizade fiel dura para a eternidade&#8230;<br \/>\nViver sem amigos \u00e9 morrer sem deixar lembran\u00e7as\u201d.<\/strong><\/cite><br \/>\n(Chico Xavier).<\/p>\n<p><span style=\"font-size: large;\">Foi sob esse mesmo t\u00edtulo que anunciamos aos leitores da Mensagem Doce n 148, de setembro de 2018, no encarte que a acompanhou, a passagem do nosso querido e eterno amigo e Presidente Constantino Zara Filho da nossa APACAME, no dia 20 de setembro de 2018.<\/span><\/p>\n<p><span style=\"font-size: large;\">Perdemos, enquanto aqui neste mundo, o grande lutador pelas causas ap\u00edcolas deste t\u00e3o sofrido Pa\u00eds. Foi professor de cursos de apicultura da APACAME durante mais de 35 anos ininterruptos, sempre juntamente com um ou mais diretores e ministrou mais de 170 cursos.<\/span><\/p>\n<p><span style=\"font-size: large;\">Ensinou, destarte, as t\u00e9cnicas ap\u00edcolas aplic\u00e1veis \u00e0s abelhas africanizadas, para centenas de pessoas que hodiernamente s\u00e3o apicultores, e que na sua maioria s\u00e3o hoje associados da APACAME.<\/span><\/p>\n<p><span style=\"font-size: large;\">\u00c9 de se ressaltar que toda a renda obtida com os cursos foi sempre integralmente revertida \u00e0 APACAME.<\/span><\/p>\n<p><span style=\"font-size: large;\">Dirigiu desde que o conhecemos em 1982, o que j\u00e1 vinha fazendo anteriormente, e at\u00e9 a data de sua ida, todas as reuni\u00f5es mensais abertas aos associados e visitantes, assim como sempre dirigiu todas as reuni\u00f5es semanais da Diretoria, pois foi Presidente durante quase 40 anos.<\/span><\/p>\n<p><span style=\"font-size: large;\">Participou efetivamente de diversos e importantes Eventos Ap\u00edcolas realizados no Pa\u00eds, mormente em Congressos Brasileiros, muitas vezes como palestrante, assim como participou tamb\u00e9m em in\u00fameros Congressos Internacionais da APIMONDIA.<\/span><\/p>\n<p><span style=\"font-size: large;\">\u00c1rduo defensor do meio ambiente sadio onde os insetos polinizadores, entre os quais as abelhas mel\u00edferas, possam efetuar seu trabalho mais importante que \u00e9 a poliniza\u00e7\u00e3o das esp\u00e9cies cultivadas ou naturais. Foi um dos criadores do lema da APACAME: \u201cAbelhas a Servi\u00e7o da Agricultura\u201d.<\/span><\/p>\n<p><span style=\"font-size: large;\">A sua \u00faltima luta relevante foi a de defender o uso controlado de agrot\u00f3xicos na agricultura, muitos j\u00e1 proibidos pela Comunidade Europeia e nos Estados Unidos. Acompanhou, de muito perto, o trabalho do Deputado Estadual Padre Afonso Lobato, que visa \u00e0 proibi\u00e7\u00e3o de uso de avi\u00f5es para o lan\u00e7amento de agrot\u00f3xicos, o que vem exterminando todas as abelhas e tamb\u00e9m os outros insetos e animais polinizadores, al\u00e9m de causar a intoxica\u00e7\u00e3o e doen\u00e7as como o c\u00e2ncer aos moradores do entorno onde s\u00e3o aplicados.<\/span><\/p>\n<p><span style=\"font-size: large;\">Como j\u00e1 dissemos anteriormente, esse \u00e9 o legado de Homem de Bem, Constantino Zara Filho, que deixou um enorme v\u00e1cuo entre n\u00f3s. Esperamos, entretanto, que ele, do Plano Espiritual, onde quer que esteja, venha sempre intuir os bons pensamentos a todos aqueles que labutam pelos interesses da boa causa Ap\u00edcola.<\/span><\/p>\n<p><a href=\"https:\/\/apacame.org.br\/site\/wp-content\/uploads\/2018\/12\/Quadro-Legado.jpg\"><img fetchpriority=\"high\" decoding=\"async\" class=\"aligncenter size-full wp-image-2791\" src=\"https:\/\/apacame.org.br\/site\/wp-content\/uploads\/2018\/12\/Quadro-Legado.jpg\" alt=\"Quadro-Legado\" width=\"850\" height=\"1243\" srcset=\"https:\/\/apacame.org.br\/site\/wp-content\/uploads\/2018\/12\/Quadro-Legado.jpg 850w, https:\/\/apacame.org.br\/site\/wp-content\/uploads\/2018\/12\/Quadro-Legado-205x300.jpg 205w, https:\/\/apacame.org.br\/site\/wp-content\/uploads\/2018\/12\/Quadro-Legado-700x1024.jpg 700w, https:\/\/apacame.org.br\/site\/wp-content\/uploads\/2018\/12\/Quadro-Legado-150x219.jpg 150w, https:\/\/apacame.org.br\/site\/wp-content\/uploads\/2018\/12\/Quadro-Legado-342x500.jpg 342w\" sizes=\"(max-width: 850px) 100vw, 850px\" \/><\/a><\/p>\n","protected":false},"excerpt":{"rendered":"<p>O LEGADO DE UM HOMEM DE BEM Mario Isao Otsuka &#8211; Diretor APACAME. \u201cA vida na terra \u00e9 uma passagem&#8230; A mais bela flor do mundo perde sua beleza&#8230; uma [&hellip;]<\/p>\n","protected":false},"author":1,"featured_media":0,"parent":2740,"menu_order":0,"comment_status":"open","ping_status":"open","template":"","meta":{"pmpro_default_level":"","_price":"","_stock":"","_tribe_ticket_header":"","_tribe_default_ticket_provider":"","_tribe_ticket_capacity":"0","_ticket_start_date":"","_ticket_end_date":"","_tribe_ticket_show_description":"","_tribe_ticket_show_not_going":false,"_tribe_ticket_use_global_stock":"","_tribe_ticket_global_stock_level":"","_global_stock_mode":"","_global_stock_cap":"","_tribe_rsvp_for_event":"","_tribe_ticket_going_count":"","_tribe_ticket_not_going_count":"","_tribe_tickets_list":"[]","_tribe_ticket_has_attendee_info_fields":false,"cybocfi_hide_featured_image":"","footnotes":""},"class_list":["post-2788","page","type-page","status-publish","hentry","pmpro-has-access"],"_links":{"self":[{"href":"https:\/\/apacame.org.br\/site\/wp-json\/wp\/v2\/pages\/2788"}],"collection":[{"href":"https:\/\/apacame.org.br\/site\/wp-json\/wp\/v2\/pages"}],"about":[{"href":"https:\/\/apacame.org.br\/site\/wp-json\/wp\/v2\/types\/page"}],"author":[{"embeddable":true,"href":"https:\/\/apacame.org.br\/site\/wp-json\/wp\/v2\/users\/1"}],"replies":[{"embeddable":true,"href":"https:\/\/apacame.org.br\/site\/wp-json\/wp\/v2\/comments?post=2788"}],"version-history":[{"count":3,"href":"https:\/\/apacame.org.br\/site\/wp-json\/wp\/v2\/pages\/2788\/revisions"}],"predecessor-version":[{"id":2790,"href":"https:\/\/apacame.org.br\/site\/wp-json\/wp\/v2\/pages\/2788\/revisions\/2790"}],"up":[{"embeddable":true,"href":"https:\/\/apacame.org.br\/site\/wp-json\/wp\/v2\/pages\/2740"}],"wp:attachment":[{"href":"https:\/\/apacame.org.br\/site\/wp-json\/wp\/v2\/media?parent=2788"}],"curies":[{"name":"wp","href":"https:\/\/api.w.org\/{rel}","templated":true}]}}