{"id":2351,"date":"2018-04-05T00:24:54","date_gmt":"2018-04-05T00:24:54","guid":{"rendered":"http:\/\/apacame.org.br\/site\/?page_id=2351"},"modified":"2018-04-05T00:24:54","modified_gmt":"2018-04-05T00:24:54","slug":"artigo-4","status":"publish","type":"page","link":"https:\/\/apacame.org.br\/site\/revista\/mensagem-doce-n-145-marco-de-2018\/artigo-4\/","title":{"rendered":"Artigo"},"content":{"rendered":"<h1 style=\"text-align: center;\">SOBRE NINHOS DE MELITOMA SEGMENTARIA (APIDAE: APINAE: EMPHORINI) EM FORNO ARTESANAL DE P\u00c3O<\/h1>\n<blockquote><p>Marilda Cortopassi-Laurino; Mariana Taniguchi e Samuel Boff<br \/>\n<a href=\"mailto:mclaurin@usp.br\">mclaurin@usp.br<\/a>; <a href=\"mailto:marit0210@gmail.com\">marit0210@gmail.com<\/a>; <a href=\"mailto:samboff@gmail.com\">samboff@gmail.com<\/a><\/p><\/blockquote>\n<p><span style=\"font-size: large;\">As abelhas do g\u00eanero Melitoma t\u00eam ampla distribui\u00e7\u00e3o geogr\u00e1fica. Ocorrem desde o M\u00e9xico at\u00e9 a Argentina, onde vivem desde o n\u00edvel do mar em ambientes temperados e nos tropicais at\u00e9 altitudes de 3815m, observadas no Peru (Linsley 1980).<\/span><\/p>\n<p><span style=\"font-size: large;\"><a href=\"https:\/\/apacame.org.br\/site\/wp-content\/uploads\/2018\/04\/Figura-1-sobre-ninhos.jpg\"><img fetchpriority=\"high\" decoding=\"async\" class=\"alignleft size-medium wp-image-2352\" src=\"https:\/\/apacame.org.br\/site\/wp-content\/uploads\/2018\/04\/Figura-1-sobre-ninhos-300x174.jpg\" alt=\"Figura-1-sobre-ninhos\" width=\"300\" height=\"174\" srcset=\"https:\/\/apacame.org.br\/site\/wp-content\/uploads\/2018\/04\/Figura-1-sobre-ninhos-300x174.jpg 300w, https:\/\/apacame.org.br\/site\/wp-content\/uploads\/2018\/04\/Figura-1-sobre-ninhos-1024x593.jpg 1024w, https:\/\/apacame.org.br\/site\/wp-content\/uploads\/2018\/04\/Figura-1-sobre-ninhos-150x87.jpg 150w, https:\/\/apacame.org.br\/site\/wp-content\/uploads\/2018\/04\/Figura-1-sobre-ninhos-500x290.jpg 500w\" sizes=\"(max-width: 300px) 100vw, 300px\" \/><\/a>Sobre os seus h\u00e1bitos de nidifica\u00e7\u00e3o no Brasil, j\u00e1 foram encontrados ninhos em barrancos de rodovias em Curitiba-PR; em paredes de tijolos em S\u00e3o Carlos-SP (Michener &amp; Lange, 1958); em solo plano e duro no campus da Universidade de Ribeir\u00e3o-Preto-SP (Camillo et al., 1993) e em termiteiro em Uberl\u00e2ndia-MG (Mamede Filho et al., 1991). V\u00e1rios dos ninhos estavam protegidos por algum tipo de cobertura.<\/span><\/p>\n<p><span style=\"font-size: large;\">As esp\u00e9cies s\u00e3o monotr\u00f3ficas e coletam p\u00f3len de flores de Ipomoea (Convolvulaceae). Na literatura, h\u00e1 registros de atividade dessas abelhas nos meses quentes do sul\/sudeste do Brasil e em junho\/julho no Par\u00e1 (Linsley, 1980).<\/span><\/p>\n<p><span style=\"font-size: large;\">Aqui relatamos nova ocorr\u00eancia de ninhos de Melitoma segmentaria (Fabricius, 1804) em Bertioga-SP, com detalhes de suas estruturas e an\u00e1lise da provis\u00e3o dos imaturos.<\/span><\/p>\n<p><span style=\"font-size: large;\"><b>Material e M\u00e9todos<\/b><\/span><\/p>\n<p><span style=\"font-size: large;\"><a href=\"https:\/\/apacame.org.br\/site\/wp-content\/uploads\/2018\/04\/Figura-2-sobre-ninhos.jpg\"><img decoding=\"async\" class=\"alignright size-medium wp-image-2353\" src=\"https:\/\/apacame.org.br\/site\/wp-content\/uploads\/2018\/04\/Figura-2-sobre-ninhos-300x163.jpg\" alt=\"Figura-2-sobre-ninhos\" width=\"300\" height=\"163\" srcset=\"https:\/\/apacame.org.br\/site\/wp-content\/uploads\/2018\/04\/Figura-2-sobre-ninhos-300x163.jpg 300w, https:\/\/apacame.org.br\/site\/wp-content\/uploads\/2018\/04\/Figura-2-sobre-ninhos-1024x557.jpg 1024w, https:\/\/apacame.org.br\/site\/wp-content\/uploads\/2018\/04\/Figura-2-sobre-ninhos-150x82.jpg 150w, https:\/\/apacame.org.br\/site\/wp-content\/uploads\/2018\/04\/Figura-2-sobre-ninhos-500x272.jpg 500w, https:\/\/apacame.org.br\/site\/wp-content\/uploads\/2018\/04\/Figura-2-sobre-ninhos.jpg 1817w\" sizes=\"(max-width: 300px) 100vw, 300px\" \/><\/a>Foi encontrada uma aglomera\u00e7\u00e3o com 94 entradas de ninhos de M. segmentaria em um forno artesanal de p\u00e3o (Fig.1), na regi\u00e3o litor\u00e2nea de Bertioga-SP (23\u00ba49\u201d49\u201dS; 46\u00ba07\u201923\u201dW). Os ninhos estavam distribu\u00eddos na camada de argila e rapadura que reveste o forno, com 1-3cm de espessura, e foram observadas ao longo do m\u00eas de fevereiro de 2010.<\/span><\/p>\n<p><span style=\"font-size: large;\">As dimens\u00f5es das c\u00e9lulas de cria (Fig.2) foram registradas com aux\u00edlio de um paqu\u00edmetro digital (gradua\u00e7\u00e3o de 0.01mm) e as abelhas foram pesadas em uma balan\u00e7a de precis\u00e3o. O material coletado foi depositado na cole\u00e7\u00e3o Camargo da Faculdade de Filosofia Ci\u00eancias e Letras da USP-Ribeir\u00e3o Preto.<\/span><\/p>\n<p><span style=\"font-size: large;\"><b>Resultados<\/b> <\/span><\/p>\n<p><span style=\"font-size: large;\"><b><a href=\"https:\/\/apacame.org.br\/site\/wp-content\/uploads\/2018\/04\/Figura-3-sobre-ninhos.jpg\"><img decoding=\"async\" class=\"alignleft size-medium wp-image-2354\" src=\"https:\/\/apacame.org.br\/site\/wp-content\/uploads\/2018\/04\/Figura-3-sobre-ninhos-300x255.jpg\" alt=\"Figura-3-sobre-ninhos\" width=\"300\" height=\"255\" srcset=\"https:\/\/apacame.org.br\/site\/wp-content\/uploads\/2018\/04\/Figura-3-sobre-ninhos-300x255.jpg 300w, https:\/\/apacame.org.br\/site\/wp-content\/uploads\/2018\/04\/Figura-3-sobre-ninhos-1024x871.jpg 1024w, https:\/\/apacame.org.br\/site\/wp-content\/uploads\/2018\/04\/Figura-3-sobre-ninhos-150x128.jpg 150w, https:\/\/apacame.org.br\/site\/wp-content\/uploads\/2018\/04\/Figura-3-sobre-ninhos-500x425.jpg 500w, https:\/\/apacame.org.br\/site\/wp-content\/uploads\/2018\/04\/Figura-3-sobre-ninhos.jpg 1228w\" sizes=\"(max-width: 300px) 100vw, 300px\" \/><\/a>Local e eclos\u00e3o dos ninhos<\/b><\/span><\/p>\n<p><span style=\"font-size: large;\">O forno tinha dimens\u00f5es de 117cm de di\u00e2metro por 65cm de altura, e estava apoiado num suporte de 90cm de altura e protegido por uma cobertura de telhas. Na por\u00e7\u00e3o externa da sua parede, 78% das 94 entradas dos ninhos estavam na face leste, mais exposta ao sol. <\/span><\/p>\n<p><span style=\"font-size: large;\">Em fevereiro de 2010, ap\u00f3s dois anos de atividade destas abelhas, foram retiradas 66 c\u00e9lulas sendo que somente 9 (14%) estavam fechadas e uma em constru\u00e7\u00e3o. As c\u00e9lulas estavam alinhadas em n\u00famero de at\u00e9 tr\u00eas e \u00e0s vezes, quando a espessura da camada de argila era maior, as c\u00e9lulas estavam sobrepostas. \u00a0Das c\u00e9lulas operculadas coletadas (Fig.3), nasceram no m\u00eas seguinte, tr\u00eas abelhas e uma parasita (Leiopodus lacertinus Smith 1854, (Fig.4). Todas as abelhas eclodiram no per\u00edodo matinal. <\/span><\/p>\n<p><span style=\"font-size: large;\"><b>Dimens\u00f5es das c\u00e9lulas<\/b><\/span><\/p>\n<p><span style=\"font-size: large;\"><a href=\"https:\/\/apacame.org.br\/site\/wp-content\/uploads\/2018\/04\/Figura-4-sobre-ninhos.jpg\"><img loading=\"lazy\" decoding=\"async\" class=\"alignright size-medium wp-image-2355\" src=\"https:\/\/apacame.org.br\/site\/wp-content\/uploads\/2018\/04\/Figura-4-sobre-ninhos-300x255.jpg\" alt=\"Figura-4-sobre-ninhos\" width=\"300\" height=\"255\" srcset=\"https:\/\/apacame.org.br\/site\/wp-content\/uploads\/2018\/04\/Figura-4-sobre-ninhos-300x255.jpg 300w, https:\/\/apacame.org.br\/site\/wp-content\/uploads\/2018\/04\/Figura-4-sobre-ninhos-1024x871.jpg 1024w, https:\/\/apacame.org.br\/site\/wp-content\/uploads\/2018\/04\/Figura-4-sobre-ninhos-150x128.jpg 150w, https:\/\/apacame.org.br\/site\/wp-content\/uploads\/2018\/04\/Figura-4-sobre-ninhos-500x425.jpg 500w, https:\/\/apacame.org.br\/site\/wp-content\/uploads\/2018\/04\/Figura-4-sobre-ninhos.jpg 1228w\" sizes=\"(max-width: 300px) 100vw, 300px\" \/><\/a>As dimens\u00f5es das c\u00e9lulas e dos op\u00e9rculos de M. segmentaria est\u00e3o discriminadas na tabela 01, assim como as citadas na bibliografia. Com exce\u00e7\u00e3o da espessura do op\u00e9rculo, todas as medidas de largura, comprimento, espessura e volume s\u00e3o semelhantes, sendo volume o menos vari\u00e1vel (0.35mL).<\/span><\/p>\n<p><span style=\"font-size: large;\"><b>Conte\u00fado das c\u00e9lulas<\/b><\/span><\/p>\n<p><span style=\"font-size: large;\">No interior das c\u00e9lulas abertas foram observadas\u00a0pequenas bolotas formadas do res\u00edduo da digest\u00e3o dos imaturos misturado com argila. Do fundo de algumas c\u00e9lulas (n = 8, =12%) foram coletadas bolotas de p\u00f3len seco, com volume entre 13-28 mm3 e peso seco m\u00e9dio de 32,02mg \u00b114,29 (50,2-13,7mg). A composi\u00e7\u00e3o pol\u00ednica dos excrementos de seis c\u00e9lulas e de sete bolotas de p\u00f3len mostrou que somente um tipo de p\u00f3len (Convolvulaceae) de dois tamanhos diferentes estava presente. Em 1823 gr\u00e3os de p\u00f3len de cinco amostras foram contabilizados 60% do tipo menor. <\/span><\/p>\n<p><span style=\"font-size: large;\"><b>Peso seco das abelhas<\/b><\/span><\/p>\n<p><span style=\"font-size: large;\"><a href=\"https:\/\/apacame.org.br\/site\/wp-content\/uploads\/2018\/04\/Figura-5-sobre-ninhos.jpg\"><img loading=\"lazy\" decoding=\"async\" class=\"alignleft size-medium wp-image-2356\" src=\"https:\/\/apacame.org.br\/site\/wp-content\/uploads\/2018\/04\/Figura-5-sobre-ninhos-300x230.jpg\" alt=\"Figura-5-sobre-ninhos\" width=\"300\" height=\"230\" srcset=\"https:\/\/apacame.org.br\/site\/wp-content\/uploads\/2018\/04\/Figura-5-sobre-ninhos-300x230.jpg 300w, https:\/\/apacame.org.br\/site\/wp-content\/uploads\/2018\/04\/Figura-5-sobre-ninhos-1024x784.jpg 1024w, https:\/\/apacame.org.br\/site\/wp-content\/uploads\/2018\/04\/Figura-5-sobre-ninhos-150x115.jpg 150w, https:\/\/apacame.org.br\/site\/wp-content\/uploads\/2018\/04\/Figura-5-sobre-ninhos-500x383.jpg 500w, https:\/\/apacame.org.br\/site\/wp-content\/uploads\/2018\/04\/Figura-5-sobre-ninhos.jpg 1228w\" sizes=\"(max-width: 300px) 100vw, 300px\" \/><\/a>As abelhas eclodidas e outras da cole\u00e7\u00e3o que foram pesadas mostrou que o peso seco m\u00e9dio das abelhas Melitoma (n = 6) foi de 21.48g (17.1-24.1) enquanto o do parasita (Leiopodus) foi de 18.2g (n = 1), peso que corresponde a 85% do peso da abelha parasitada.<\/span><\/p>\n<p><span style=\"font-size: large;\"><b>Conclus\u00f5es<\/b><\/span><\/p>\n<p><span style=\"font-size: large;\">Sobre o local e eclos\u00e3o dos ninhos, esta foi a primeira constata\u00e7\u00e3o de nidifica\u00e7\u00e3o de Melitoma segmentaria em constru\u00e7\u00f5es desse tipo e em altura superior a 1,5m. A grande versatilidade destas abelhas para nidificar inclui tamb\u00e9m paredes de argila de ninhos do p\u00e1ssaro jo\u00e3o-de-barro (Furnarius rufus), como observada na cidade de S\u00e3o Sim\u00e3o-SP por Cortopassi-Laurino (n\u00e3o publicado).<\/span><\/p>\n<p><span style=\"font-size: large;\">O pequeno n\u00famero de c\u00e9lulas para eclodir (14%) em Fevereiro sugere uma redu\u00e7\u00e3o no per\u00edodo de atividade deste agregado de ninhos e indica certa sazonalidade. Na ocasi\u00e3o da eclos\u00e3o das abelhas, a argila do op\u00e9rculo ficou dentro da c\u00e9lula junto com os excrementos. <\/span><\/p>\n<p><span style=\"font-size: large;\">Como nenhuma c\u00e9lula foi encontrada vazia, a hip\u00f3tese da retirada do seu conte\u00fado e posterior reutiliza\u00e7\u00e3o pelas abelhas pode ser descartada, ao contr\u00e1rio do que sugere Linsley et al. (1980).<\/span><\/p>\n<p><span style=\"font-size: large;\">Sobre os dados das dimens\u00f5es das c\u00e9lulas, eles confirmam alguns par\u00e2metros encontrados em outras regi\u00f5es e indica os valores de volume como sendo os mais constantes (0.35mL).<\/span><\/p>\n<p><span style=\"font-size: large;\">Sobre os resultados da an\u00e1lise pol\u00ednica dos excrementos e das bolotas de p\u00f3len encontrados dentro das c\u00e9lulas, eles confirmam que os gr\u00e3os de p\u00f3len s\u00e3o de Convolvulaceae e possuem dois tamanhos, confirmando a estreita rela\u00e7\u00e3o destas abelhas com esta fam\u00edlia bot\u00e2nica. O tamanho diferenciado dos gr\u00e3os de p\u00f3len est\u00e1 provavelmente associado com as v\u00e1rias esp\u00e9cies de Ipomoea que essas abelhas visitam, como I. pres-caprae, I.cf. purpurea e I. sp (Steiner et al., 2010). <\/span><\/p>\n<p><span style=\"font-size: large;\">Outra indica\u00e7\u00e3o da forte associa\u00e7\u00e3o entre as abelhas Melitoma segmentaria e Ipomoea sp foi a observa\u00e7\u00e3o de que machos pernoitam nestas flores, e deixam-nas pela manh\u00e3 em temperaturas de cerca de 24,5\u00baC e 80%UR (Fig. 5). Ao longo do dia, os machos tamb\u00e9m coletam e desidratam n\u00e9ctar dentro destas flores, alimento que pode atingir at\u00e9 43% na concentra\u00e7\u00e3o de a\u00e7\u00facares (Cortopassi-Laurino, n\u00e3o publicado).<\/span><\/p>\n<p><span style=\"font-size: large;\">Na ocasi\u00e3o do termino deste artigo, em 2\/2018 os aglomerados de ninhos da abelha M.segmentaria do forno artesanal aqui relatados ainda se apresentavam ativos completando assim dez anos de permanencia no mesmo local.<\/span><\/p>\n<p><span style=\"font-size: large;\"><b>Agradecimentos<\/b><\/span><\/p>\n<p><span style=\"font-size: large;\">Celso e Solange Cavalcante Perez dos Santos e Silvia RM Pedro. <\/span><\/p>\n<p><span style=\"font-size: large;\">Um resumo deste artigo foi apresentado em 2010 no Encontro sobre Abelhas de Ribeir\u00e3o Preto-SP.<\/span><\/p>\n<p><span style=\"font-size: large;\"><b>Referencias Bibliogr\u00e1ficas<\/b><\/span><\/p>\n<p><span style=\"font-size: large;\">Camillo, E, Garofalo, CA &amp; Serrano, JC 1993 H\u00e1bitos de Nidifica\u00e7ao de Melitoma segmentaria, Centris collaris , Centris fuscata e Paratetrapedia gigantea (Hymenoptera, Anthophoridae) Rev bra. Ent. 37 (1): 145-156 <\/span><\/p>\n<p><span style=\"font-size: large;\">Linsley, EG, MacSwain, JW &amp; Michener, CD 1980 Nesting Biology and Associates of Melitoma (Hymenoptera, Anthophoridae).<\/span><\/p>\n<p><span style=\"font-size: large;\">Mamede Filho, GF, Ramos, MA &amp; Oliveiral, AG 1991 Contribuibui\u00e7\u00e3o \u00e0 biologia da Melitoma segmentaria (Anthophoridae). Rev. bras. Zool. 7(3): 217-221<\/span><\/p>\n<p><span style=\"font-size: large;\">Michener, CD &amp; Lange, RB. 1958 Observationg on the ethology of neotropical Anthophorine bees (Hymenoptera, Apoidea). Univ. Kansas Sci. Bull. 39:69-96<\/span><\/p>\n<p><span style=\"font-size: large;\">Steiner J, Zillikens, A; Kamke, R, Feja, EP &amp; Falkenberg, DB. 2010 \u00a0Bees and Melittophilous plants of secondary Atlantic Forest habitats at Santa Catarina island, southern Brazil Oecologia Australis 14(1): 16-39<\/span><\/p>\n","protected":false},"excerpt":{"rendered":"<p>SOBRE NINHOS DE MELITOMA SEGMENTARIA (APIDAE: APINAE: EMPHORINI) EM FORNO ARTESANAL DE P\u00c3O Marilda Cortopassi-Laurino; Mariana Taniguchi e Samuel Boff mclaurin@usp.br; marit0210@gmail.com; samboff@gmail.com As abelhas do g\u00eanero Melitoma t\u00eam ampla [&hellip;]<\/p>\n","protected":false},"author":1,"featured_media":0,"parent":2305,"menu_order":0,"comment_status":"open","ping_status":"open","template":"","meta":{"pmpro_default_level":"","_price":"","_stock":"","_tribe_ticket_header":"","_tribe_default_ticket_provider":"","_tribe_ticket_capacity":"0","_ticket_start_date":"","_ticket_end_date":"","_tribe_ticket_show_description":"","_tribe_ticket_show_not_going":false,"_tribe_ticket_use_global_stock":"","_tribe_ticket_global_stock_level":"","_global_stock_mode":"","_global_stock_cap":"","_tribe_rsvp_for_event":"","_tribe_ticket_going_count":"","_tribe_ticket_not_going_count":"","_tribe_tickets_list":"[]","_tribe_ticket_has_attendee_info_fields":false,"cybocfi_hide_featured_image":"","footnotes":""},"class_list":["post-2351","page","type-page","status-publish","hentry","pmpro-has-access"],"_links":{"self":[{"href":"https:\/\/apacame.org.br\/site\/wp-json\/wp\/v2\/pages\/2351"}],"collection":[{"href":"https:\/\/apacame.org.br\/site\/wp-json\/wp\/v2\/pages"}],"about":[{"href":"https:\/\/apacame.org.br\/site\/wp-json\/wp\/v2\/types\/page"}],"author":[{"embeddable":true,"href":"https:\/\/apacame.org.br\/site\/wp-json\/wp\/v2\/users\/1"}],"replies":[{"embeddable":true,"href":"https:\/\/apacame.org.br\/site\/wp-json\/wp\/v2\/comments?post=2351"}],"version-history":[{"count":2,"href":"https:\/\/apacame.org.br\/site\/wp-json\/wp\/v2\/pages\/2351\/revisions"}],"predecessor-version":[{"id":2358,"href":"https:\/\/apacame.org.br\/site\/wp-json\/wp\/v2\/pages\/2351\/revisions\/2358"}],"up":[{"embeddable":true,"href":"https:\/\/apacame.org.br\/site\/wp-json\/wp\/v2\/pages\/2305"}],"wp:attachment":[{"href":"https:\/\/apacame.org.br\/site\/wp-json\/wp\/v2\/media?parent=2351"}],"curies":[{"name":"wp","href":"https:\/\/api.w.org\/{rel}","templated":true}]}}