{"id":2110,"date":"2017-11-02T20:13:25","date_gmt":"2017-11-02T20:13:25","guid":{"rendered":"http:\/\/apacame.org.br\/site\/?page_id=2110"},"modified":"2017-11-02T20:22:10","modified_gmt":"2017-11-02T20:22:10","slug":"atividade","status":"publish","type":"page","link":"https:\/\/apacame.org.br\/site\/revista\/mensagem-doce-n-143-setembro-de-2017\/atividade\/","title":{"rendered":"Atividade"},"content":{"rendered":"<h1 style=\"text-align: center;\">REUNI\u00c3O DOS APICULTORES E MELIPONICULTORES<br \/>\n05 DE JULHO DE 2017<\/h1>\n<p><span style=\"font-size: large;\">Na nossa reuni\u00e3o do dia 05 de julho de 2017 tivemos a honra de receber a visita Profa. Dra. K\u00e1tia Peres Gramacho que veio especialmente de Mossor\u00f3 &#8211; RN para proferir uma Palestra sobre o tema:<\/span><\/p>\n<p><span style=\"font-size: large;\"><b>\u201cAs Abelhas Est\u00e3o Morrendo, O Que Isso Tem A Ver Comigo?\u201d<\/b><\/span><\/p>\n<p><span style=\"font-size: large;\">A Profa. Dra. K\u00e1tia Peres Gramacho \u00e9 Bacharel em Ci\u00eancias Biol\u00f3gicas, Mestrado em Ci\u00eancias (\u00e1rea de concentra\u00e7\u00e3o entomologia) pela FFCLRP-USP e Doutorado Sandu\u00edche em Ci\u00eancias pela FFCLRP-USP e Universit\u00e4t Hohenheim-Stuttgart (Alemanha). P\u00f3s-Doutorado &#8211; University of Minnesota (USA) na \u00e1rea de neuroetologia do comportamento de abelhas.<\/span><\/p>\n<p><span style=\"font-size: large;\">Professora da Universidade Federal Rural do Semi-Arido -UFERSA-Mossor\u00f3-RN, respons\u00e1vel pelo Centro de Capacita\u00e7\u00e3o e Tecnologia em Apicultura, l\u00edder de grupo de pesquisa do CNPQ- N\u00facleo de Pesquisas Ap\u00edcolas do Semi-\u00c1rido Nordestino . Vice presidente da comiss\u00e3o cientifica da CBA. Tem experi\u00eancia na \u00e1rea apicultura, melhoramento gen\u00e9tico com abelhas, patologia ap\u00edcola, gen\u00e9tica do comportamento de abelhas, biologia, manejo e desenvolvimento sustentado, atua em pesquisa, ensino e extens\u00e3o e tamb\u00e9m \u00e9 apicultora.<\/span><\/p>\n<div id='gallery-1' class='gallery galleryid-2110 gallery-columns-2 gallery-size-medium'><figure class='gallery-item'>\n\t\t\t<div class='gallery-icon landscape'>\n\t\t\t\t<a href='https:\/\/apacame.org.br\/site\/wp-content\/uploads\/2017\/11\/Foto_01_Reuniao.jpg'><img fetchpriority=\"high\" decoding=\"async\" width=\"300\" height=\"225\" src=\"https:\/\/apacame.org.br\/site\/wp-content\/uploads\/2017\/11\/Foto_01_Reuniao-300x225.jpg\" class=\"attachment-medium size-medium\" alt=\"\" aria-describedby=\"gallery-1-2113\" srcset=\"https:\/\/apacame.org.br\/site\/wp-content\/uploads\/2017\/11\/Foto_01_Reuniao-300x225.jpg 300w, https:\/\/apacame.org.br\/site\/wp-content\/uploads\/2017\/11\/Foto_01_Reuniao-150x113.jpg 150w, https:\/\/apacame.org.br\/site\/wp-content\/uploads\/2017\/11\/Foto_01_Reuniao-500x375.jpg 500w, https:\/\/apacame.org.br\/site\/wp-content\/uploads\/2017\/11\/Foto_01_Reuniao.jpg 749w\" sizes=\"(max-width: 300px) 100vw, 300px\" \/><\/a>\n\t\t\t<\/div>\n\t\t\t\t<figcaption class='wp-caption-text gallery-caption' id='gallery-1-2113'>\n\t\t\t\tA Profa. Dra. K\u00e1tia Peres Gramacho no in\u00edcio da sua Palestra a qual despertou grande interesse dos presentes\n\t\t\t\t<\/figcaption><\/figure><figure class='gallery-item'>\n\t\t\t<div class='gallery-icon landscape'>\n\t\t\t\t<a href='https:\/\/apacame.org.br\/site\/wp-content\/uploads\/2017\/11\/Foto_02_Reuniao.jpg'><img decoding=\"async\" width=\"300\" height=\"225\" src=\"https:\/\/apacame.org.br\/site\/wp-content\/uploads\/2017\/11\/Foto_02_Reuniao-300x225.jpg\" class=\"attachment-medium size-medium\" alt=\"\" aria-describedby=\"gallery-1-2114\" srcset=\"https:\/\/apacame.org.br\/site\/wp-content\/uploads\/2017\/11\/Foto_02_Reuniao-300x225.jpg 300w, https:\/\/apacame.org.br\/site\/wp-content\/uploads\/2017\/11\/Foto_02_Reuniao-150x113.jpg 150w, https:\/\/apacame.org.br\/site\/wp-content\/uploads\/2017\/11\/Foto_02_Reuniao-500x375.jpg 500w, https:\/\/apacame.org.br\/site\/wp-content\/uploads\/2017\/11\/Foto_02_Reuniao.jpg 749w\" sizes=\"(max-width: 300px) 100vw, 300px\" \/><\/a>\n\t\t\t<\/div>\n\t\t\t\t<figcaption class='wp-caption-text gallery-caption' id='gallery-1-2114'>\n\t\t\t\tAo final da Palestra A Profa. Dra. K\u00e1tia Peres Gramacho foi agraciada com um Diploma que registra a sua Palestra na APACAME tendo ao seu lado Constantino Zara Filho, Presidente e Radam\u00e9s Zovaro, Diretor Tecnico da APACAME. Foi uma Palestra memor\u00e1vel!!\n\t\t\t\t<\/figcaption><\/figure>\n\t\t<\/div>\n\n","protected":false},"excerpt":{"rendered":"<p>REUNI\u00c3O DOS APICULTORES E MELIPONICULTORES 05 DE JULHO DE 2017 Na nossa reuni\u00e3o do dia 05 de julho de 2017 tivemos a honra de receber a visita Profa. Dra. K\u00e1tia [&hellip;]<\/p>\n","protected":false},"author":1,"featured_media":0,"parent":2079,"menu_order":0,"comment_status":"open","ping_status":"open","template":"","meta":{"pmpro_default_level":"","_price":"","_stock":"","_tribe_ticket_header":"","_tribe_default_ticket_provider":"","_tribe_ticket_capacity":"0","_ticket_start_date":"","_ticket_end_date":"","_tribe_ticket_show_description":"","_tribe_ticket_show_not_going":false,"_tribe_ticket_use_global_stock":"","_tribe_ticket_global_stock_level":"","_global_stock_mode":"","_global_stock_cap":"","_tribe_rsvp_for_event":"","_tribe_ticket_going_count":"","_tribe_ticket_not_going_count":"","_tribe_tickets_list":"[]","_tribe_ticket_has_attendee_info_fields":false,"cybocfi_hide_featured_image":"","footnotes":""},"class_list":["post-2110","page","type-page","status-publish","hentry","pmpro-has-access"],"_links":{"self":[{"href":"https:\/\/apacame.org.br\/site\/wp-json\/wp\/v2\/pages\/2110"}],"collection":[{"href":"https:\/\/apacame.org.br\/site\/wp-json\/wp\/v2\/pages"}],"about":[{"href":"https:\/\/apacame.org.br\/site\/wp-json\/wp\/v2\/types\/page"}],"author":[{"embeddable":true,"href":"https:\/\/apacame.org.br\/site\/wp-json\/wp\/v2\/users\/1"}],"replies":[{"embeddable":true,"href":"https:\/\/apacame.org.br\/site\/wp-json\/wp\/v2\/comments?post=2110"}],"version-history":[{"count":3,"href":"https:\/\/apacame.org.br\/site\/wp-json\/wp\/v2\/pages\/2110\/revisions"}],"predecessor-version":[{"id":2117,"href":"https:\/\/apacame.org.br\/site\/wp-json\/wp\/v2\/pages\/2110\/revisions\/2117"}],"up":[{"embeddable":true,"href":"https:\/\/apacame.org.br\/site\/wp-json\/wp\/v2\/pages\/2079"}],"wp:attachment":[{"href":"https:\/\/apacame.org.br\/site\/wp-json\/wp\/v2\/media?parent=2110"}],"curies":[{"name":"wp","href":"https:\/\/api.w.org\/{rel}","templated":true}]}}